{"version":"1.0","provider_name":"Latinoam\u00e9rica 21","provider_url":"https:\/\/latinoamerica21.com\/es\/","author_name":"Victor Tricot","author_url":"https:\/\/latinoamerica21.com\/es\/autor\/victor-tricot\/","title":"Chile y la represi\u00f3n del Estado - Latinoam\u00e9rica 21","type":"rich","width":600,"height":338,"html":"<blockquote class=\"wp-embedded-content\" data-secret=\"0A2zd2ruhk\"><a href=\"https:\/\/latinoamerica21.com\/es\/chile-y-la-represion-del-estado\/\">Chile y la represi\u00f3n del Estado<\/a><\/blockquote><iframe sandbox=\"allow-scripts\" security=\"restricted\" src=\"https:\/\/latinoamerica21.com\/es\/chile-y-la-represion-del-estado\/embed\/#?secret=0A2zd2ruhk\" width=\"600\" height=\"338\" title=\"\u00abChile y la represi\u00f3n del Estado\u00bb \u2014 Latinoam\u00e9rica 21\" data-secret=\"0A2zd2ruhk\" frameborder=\"0\" marginwidth=\"0\" marginheight=\"0\" scrolling=\"no\" class=\"wp-embedded-content\"><\/iframe><script type=\"text\/javascript\">\n\/* <![CDATA[ *\/\n\/*! This file is auto-generated *\/\n!function(d,l){\"use strict\";l.querySelector&&d.addEventListener&&\"undefined\"!=typeof URL&&(d.wp=d.wp||{},d.wp.receiveEmbedMessage||(d.wp.receiveEmbedMessage=function(e){var t=e.data;if((t||t.secret||t.message||t.value)&&!\/[^a-zA-Z0-9]\/.test(t.secret)){for(var s,r,n,a=l.querySelectorAll('iframe[data-secret=\"'+t.secret+'\"]'),o=l.querySelectorAll('blockquote[data-secret=\"'+t.secret+'\"]'),c=new RegExp(\"^https?:$\",\"i\"),i=0;i<o.length;i++)o[i].style.display=\"none\";for(i=0;i<a.length;i++)s=a[i],e.source===s.contentWindow&&(s.removeAttribute(\"style\"),\"height\"===t.message?(1e3<(r=parseInt(t.value,10))?r=1e3:~~r<200&&(r=200),s.height=r):\"link\"===t.message&&(r=new URL(s.getAttribute(\"src\")),n=new URL(t.value),c.test(n.protocol))&&n.host===r.host&&l.activeElement===s&&(d.top.location.href=t.value))}},d.addEventListener(\"message\",d.wp.receiveEmbedMessage,!1),l.addEventListener(\"DOMContentLoaded\",function(){for(var e,t,s=l.querySelectorAll(\"iframe.wp-embedded-content\"),r=0;r<s.length;r++)(t=(e=s[r]).getAttribute(\"data-secret\"))||(t=Math.random().toString(36).substring(2,12),e.src+=\"#?secret=\"+t,e.setAttribute(\"data-secret\",t)),e.contentWindow.postMessage({message:\"ready\",secret:t},\"*\")},!1)))}(window,document);\n\/\/# sourceURL=https:\/\/latinoamerica21.com\/wp-includes\/js\/wp-embed.min.js\n\/* ]]> *\/\n<\/script>\n","thumbnail_url":"https:\/\/latinoamerica21.com\/wp-content\/uploads\/2020\/12\/204-D.jpg","thumbnail_width":636,"thumbnail_height":418,"description":"A pesar de este tr\u00e1nsito democratizador que busca cambiar la Constituci\u00f3n, parece no s\u00f3lo necesario, sino que imperativo, aprender de nuestro pasado reciente. Pero no deja de ser llamativo, que en pleno siglo XXI las caracter\u00edsticas distintivas de la respuesta estatal sea la utilizaci\u00f3n de la violencia y las violaciones a los derechos humanos."}