{"version":"1.0","provider_name":"Latinoam\u00e9rica 21","provider_url":"https:\/\/latinoamerica21.com\/es\/","author_name":"David Castells-Quintana","author_url":"https:\/\/latinoamerica21.com\/es\/autor\/david-castells-quintana\/","title":"\u00bfPor qu\u00e9 tantos migrantes y desplazados? - Latinoam\u00e9rica 21","type":"rich","width":600,"height":338,"html":"<blockquote class=\"wp-embedded-content\" data-secret=\"WHjU5mbyjX\"><a href=\"https:\/\/latinoamerica21.com\/es\/por-que-tantos-migrantes-y-desplazados\/\">\u00bfPor qu\u00e9 tantos migrantes y desplazados?<\/a><\/blockquote><iframe sandbox=\"allow-scripts\" security=\"restricted\" src=\"https:\/\/latinoamerica21.com\/es\/por-que-tantos-migrantes-y-desplazados\/embed\/#?secret=WHjU5mbyjX\" width=\"600\" height=\"338\" title=\"\u00ab\u00bfPor qu\u00e9 tantos migrantes y desplazados?\u00bb \u2014 Latinoam\u00e9rica 21\" data-secret=\"WHjU5mbyjX\" frameborder=\"0\" marginwidth=\"0\" marginheight=\"0\" scrolling=\"no\" class=\"wp-embedded-content\"><\/iframe><script type=\"text\/javascript\">\n\/* <![CDATA[ *\/\n\/*! This file is auto-generated *\/\n!function(d,l){\"use strict\";l.querySelector&&d.addEventListener&&\"undefined\"!=typeof URL&&(d.wp=d.wp||{},d.wp.receiveEmbedMessage||(d.wp.receiveEmbedMessage=function(e){var t=e.data;if((t||t.secret||t.message||t.value)&&!\/[^a-zA-Z0-9]\/.test(t.secret)){for(var s,r,n,a=l.querySelectorAll('iframe[data-secret=\"'+t.secret+'\"]'),o=l.querySelectorAll('blockquote[data-secret=\"'+t.secret+'\"]'),c=new RegExp(\"^https?:$\",\"i\"),i=0;i<o.length;i++)o[i].style.display=\"none\";for(i=0;i<a.length;i++)s=a[i],e.source===s.contentWindow&&(s.removeAttribute(\"style\"),\"height\"===t.message?(1e3<(r=parseInt(t.value,10))?r=1e3:~~r<200&&(r=200),s.height=r):\"link\"===t.message&&(r=new URL(s.getAttribute(\"src\")),n=new URL(t.value),c.test(n.protocol))&&n.host===r.host&&l.activeElement===s&&(d.top.location.href=t.value))}},d.addEventListener(\"message\",d.wp.receiveEmbedMessage,!1),l.addEventListener(\"DOMContentLoaded\",function(){for(var e,t,s=l.querySelectorAll(\"iframe.wp-embedded-content\"),r=0;r<s.length;r++)(t=(e=s[r]).getAttribute(\"data-secret\"))||(t=Math.random().toString(36).substring(2,12),e.src+=\"#?secret=\"+t,e.setAttribute(\"data-secret\",t)),e.contentWindow.postMessage({message:\"ready\",secret:t},\"*\")},!1)))}(window,document);\n\/\/# sourceURL=https:\/\/latinoamerica21.com\/wp-includes\/js\/wp-embed.min.js\n\/* ]]> *\/\n<\/script>\n","thumbnail_url":"https:\/\/latinoamerica21.com\/wp-content\/uploads\/2021\/01\/208-A-1024x684.jpg","thumbnail_width":1024,"thumbnail_height":684,"description":"An\u00e1lisis L21 | Las cifras de migrantes internacionales, as\u00ed como la de desplazados internos, no paran de subir. En Am\u00e9rica Latina millones de venezolanos siguen escapando cada a\u00f1o del r\u00e9gimen totalitario que los gobierna; un \u00e9xodo que suma cuatro millones en los \u00faltimos a\u00f1os."}