{"version":"1.0","provider_name":"Latinoam\u00e9rica 21","provider_url":"https:\/\/latinoamerica21.com\/es\/","author_name":"Melany Barrag\u00e1n","author_url":"https:\/\/latinoamerica21.com\/es\/autor\/melany-barragan\/","title":"Trump quema las \u00faltimas naves en Cuba - Latinoam\u00e9rica 21","type":"rich","width":600,"height":338,"html":"<blockquote class=\"wp-embedded-content\" data-secret=\"adTVxQ1mAy\"><a href=\"https:\/\/latinoamerica21.com\/es\/trump-quema-las-ultimas-naves-en-cuba\/\">Trump quema las \u00faltimas naves en Cuba<\/a><\/blockquote><iframe sandbox=\"allow-scripts\" security=\"restricted\" src=\"https:\/\/latinoamerica21.com\/es\/trump-quema-las-ultimas-naves-en-cuba\/embed\/#?secret=adTVxQ1mAy\" width=\"600\" height=\"338\" title=\"\u00abTrump quema las \u00faltimas naves en Cuba\u00bb \u2014 Latinoam\u00e9rica 21\" data-secret=\"adTVxQ1mAy\" frameborder=\"0\" marginwidth=\"0\" marginheight=\"0\" scrolling=\"no\" class=\"wp-embedded-content\"><\/iframe><script type=\"text\/javascript\">\n\/* <![CDATA[ *\/\n\/*! This file is auto-generated *\/\n!function(d,l){\"use strict\";l.querySelector&&d.addEventListener&&\"undefined\"!=typeof URL&&(d.wp=d.wp||{},d.wp.receiveEmbedMessage||(d.wp.receiveEmbedMessage=function(e){var t=e.data;if((t||t.secret||t.message||t.value)&&!\/[^a-zA-Z0-9]\/.test(t.secret)){for(var s,r,n,a=l.querySelectorAll('iframe[data-secret=\"'+t.secret+'\"]'),o=l.querySelectorAll('blockquote[data-secret=\"'+t.secret+'\"]'),c=new RegExp(\"^https?:$\",\"i\"),i=0;i<o.length;i++)o[i].style.display=\"none\";for(i=0;i<a.length;i++)s=a[i],e.source===s.contentWindow&&(s.removeAttribute(\"style\"),\"height\"===t.message?(1e3<(r=parseInt(t.value,10))?r=1e3:~~r<200&&(r=200),s.height=r):\"link\"===t.message&&(r=new URL(s.getAttribute(\"src\")),n=new URL(t.value),c.test(n.protocol))&&n.host===r.host&&l.activeElement===s&&(d.top.location.href=t.value))}},d.addEventListener(\"message\",d.wp.receiveEmbedMessage,!1),l.addEventListener(\"DOMContentLoaded\",function(){for(var e,t,s=l.querySelectorAll(\"iframe.wp-embedded-content\"),r=0;r<s.length;r++)(t=(e=s[r]).getAttribute(\"data-secret\"))||(t=Math.random().toString(36).substring(2,12),e.src+=\"#?secret=\"+t,e.setAttribute(\"data-secret\",t)),e.contentWindow.postMessage({message:\"ready\",secret:t},\"*\")},!1)))}(window,document);\n\/\/# sourceURL=https:\/\/latinoamerica21.com\/wp-includes\/js\/wp-embed.min.js\n\/* ]]> *\/\n<\/script>\n","thumbnail_url":"https:\/\/latinoamerica21.com\/wp-content\/uploads\/2021\/01\/208-C.jpg","thumbnail_width":1023,"thumbnail_height":681,"description":"An\u00e1lisis L21 | Cuando se pensaba que ya no habr\u00eda m\u00e1s sorpresas, el aun mandatario norteamericano ha dado un golpe de efecto que comprometer\u00e1 la pol\u00edtica exterior de Joe Biden. La saliente administraci\u00f3n ha declarado a Cuba como Estado patrocinador del terrorismo."}