{"id":19456,"date":"2022-06-26T03:52:02","date_gmt":"2022-06-26T06:52:02","guid":{"rendered":"https:\/\/latinoamerica21.com\/podcast\/mujeres-y-poder-en-america-latina-2da-parte\/"},"modified":"2022-06-26T03:52:02","modified_gmt":"2022-06-26T06:52:02","slug":"mujeres-y-poder-en-america-latina-2da-parte","status":"publish","type":"podcast","link":"https:\/\/latinoamerica21.com\/es\/podcast\/mujeres-y-poder-en-america-latina-2da-parte\/","title":{"rendered":"Mujeres y poder en Am\u00e9rica Latina. 2da. parte"},"content":{"rendered":"<p>En el <a href=\"https:\/\/latinoamerica21.com\/podcast\/mujeres-y-poder-en-america-latina\/\">pasado episodio<\/a> de La Conversaci\u00f3n, conocimos los or\u00edgenes y las principales reformas pol\u00edticas que han promovido una creciente presencia de la mujer en el ejercicio pol\u00edtico efectivo de nuestras naciones latinoamericanas. Como vimos, mujer y poder en una misma frase sigue siendo una exigencia vigente y un proceso a\u00fan en desarrollo. Para esta segunda parte de la entrevista, conoceremos las experiencias recientes como la chilena, la mexicana, la argentina entre otras.<\/p>\n<p>Lo cual permitir\u00e1 una visi\u00f3n completa de esta causa democr\u00e1tica, desde sus antecedentes, pasando por las reformas institucionales, y llegando a los desaf\u00edos pr\u00e1cticos. \u00bfCu\u00e1les han sido las naciones reticentes a la paridad de g\u00e9nero en la oferta electoral? \u00bfCu\u00e1les son los compromisos jur\u00eddicos vigentes en la regi\u00f3n? \u00bfCu\u00e1les son los argumentos que han dificultado la ampliaci\u00f3n de estos derechos pol\u00edticos?<\/p>\n<p>De igual manera abordamos los principales temas de la agenda pol\u00edtica de las mujeres a lo largo y ancho de la regi\u00f3n, en t\u00e9rminos de pol\u00edticas p\u00fablicas y de enriquecimiento de la esfera socio-cultural. En esta parte complementaria de la entrevista se busca adem\u00e1s ampliar la comprensi\u00f3n del tema, m\u00e1s all\u00e1 del alcance del Estado, con miras a una mayor participaci\u00f3n ciudadana.<\/p>\n<p><strong>Las entrevistadas<\/strong><\/p>\n<p>Asumiendo el desaf\u00edo de abordar esta tem\u00e1tica tuve el honor de estar acompa\u00f1ado por Flavia Freidenberg y Julieta Suarez Cao. Dos grandes referentes intelectuales latinoamericanas de este tema de investigaci\u00f3n y de activismo social. Flavia, es doctora en Ciencia Pol\u00edtica por la Universidad de Salamanca, profesora e investigadora de la Universidad Aut\u00f3noma Nacional de M\u00e9xico. Quien adem\u00e1s es la coordinadora de la <a href=\"https:\/\/www.nosinmujeres.com\/\">Red de Polit\u00f3logas<\/a> desde donde ha desarrollado una intensiva labor de promoci\u00f3n a esta causa con el ya famoso hashtag <a href=\"https:\/\/twitter.com\/hashtag\/NoSinMujeres?src=hashtag_click\" rel=\"noreferrer noopener\" target=\"_blank\"><em>#NoSinMujeres<\/em><\/a><\/p>\n<p>Por su parte, Julieta es doctora en Ciencia Pol\u00edtica por la Universidad de Northwestern, as\u00ed como investigadora y profesora en pol\u00edtica comparada de la Universidad Cat\u00f3lica de Chile. Coordinadora tambi\u00e9n de la Red de Polit\u00f3logas. Destaca en su trayectoria profesional haber contribuido al dise\u00f1o del \u00absistema electoral paritario de g\u00e9nero\u00bb en las elecciones regionales de 2021 as\u00ed como el implementado en la actual Convenci\u00f3n Constitucional Chilena.<\/p>\n<p>Con su sabidur\u00eda y soporte testimonial, abordamos <em>in extenso<\/em> el mapa comparado de las inclusi\u00f3n femenina en la pol\u00edtica de la Am\u00e9rica Latina de nuestros d\u00edas. Mujeres y poder en Am\u00e9rica Latina fue el tema de estos dos episodios consecutivos de La Conversaci\u00f3n.<\/p>\n<p>&#8212; <\/p>\n<p>Send in a voice message: https:\/\/podcasters.spotify.com\/pod\/show\/latinoamerica21\/message<br \/>\nSupport this podcast: <a href=\"https:\/\/podcasters.spotify.com\/pod\/show\/latinoamerica21\/support\" rel=\"payment\">https:\/\/podcasters.spotify.com\/pod\/show\/latinoamerica21\/support<\/a><\/p>\n","protected":false},"excerpt":{"rendered":"<p>En el pasado episodio de La Conversaci\u00f3n, conocimos los or\u00edgenes y las principales reformas pol\u00edticas que han promovido una creciente presencia de la mujer en el ejercicio pol\u00edtico efectivo de nuestras naciones latinoamericanas. Como vimos, mujer y poder en una misma frase sigue siendo una exigencia vigente y un proceso a\u00fan en desarrollo. Para esta [&hellip;]<\/p>\n","protected":false},"author":99,"featured_media":11007,"menu_order":0,"comment_status":"open","ping_status":"closed","template":"","meta":{"_acf_changed":false,"episode_type":"","audio_file":"https:\/\/traffic.megaphone.fm\/APO4031495846.mp3","cover_image":"","cover_image_id":"","duration":"00:26:24","filesize":"24.18M","filesize_raw":"","date_recorded":"","explicit":"","block":"","itunes_episode_number":"","itunes_title":"","itunes_season_number":"","itunes_episode_type":""},"tags":[],"series":[17442],"class_list":{"0":"post-19456","1":"podcast","2":"type-podcast","3":"status-publish","4":"has-post-thumbnail","6":"series-latinoamerica-21"},"acf":[],"episode_featured_image":"https:\/\/latinoamerica21.com\/wp-content\/uploads\/2022\/06\/11153731-1655953540662-a06591540d1e6.jpg","episode_player_image":"https:\/\/latinoamerica21.com\/wp-content\/plugins\/seriously-simple-podcasting\/assets\/images\/no-album-art.png","download_link":"https:\/\/latinoamerica21.com\/es\/podcast-download\/19456\/mujeres-y-poder-en-america-latina-2da-parte","player_link":"https:\/\/latinoamerica21.com\/es\/podcast-player\/19456\/mujeres-y-poder-en-america-latina-2da-parte","audio_player":"<a class=\"wp-embedded-audio\" href=\"https:\/\/latinoamerica21.com\/es\/podcast-player\/19456\/mujeres-y-poder-en-america-latina-2da-parte\">https:\/\/latinoamerica21.com\/es\/podcast-player\/19456\/mujeres-y-poder-en-america-latina-2da-parte<\/a>","episode_data":{"playerMode":"dark","subscribeUrls":[],"rssFeedUrl":"https:\/\/latinoamerica21.com\/es\/feed\/podcast\/latinoamerica-21","embedCode":"<blockquote class=\"wp-embedded-content\" data-secret=\"EjyjdCDiva\"><a href=\"https:\/\/latinoamerica21.com\/es\/podcast\/mujeres-y-poder-en-america-latina-2da-parte\/\">Mujeres y poder en Am\u00e9rica Latina. 2da. parte<\/a><\/blockquote><iframe sandbox=\"allow-scripts\" security=\"restricted\" src=\"https:\/\/latinoamerica21.com\/es\/podcast\/mujeres-y-poder-en-america-latina-2da-parte\/embed\/#?secret=EjyjdCDiva\" width=\"500\" height=\"350\" title=\"\u00abMujeres y poder en Am\u00e9rica Latina. 2da. parte\u00bb \u2014 Latinoam\u00e9rica 21\" data-secret=\"EjyjdCDiva\" frameborder=\"0\" marginwidth=\"0\" marginheight=\"0\" scrolling=\"no\" class=\"wp-embedded-content\"><\/iframe><script type=\"text\/javascript\">\n\/* <![CDATA[ *\/\n\/*! This file is auto-generated *\/\n!function(d,l){\"use strict\";l.querySelector&&d.addEventListener&&\"undefined\"!=typeof URL&&(d.wp=d.wp||{},d.wp.receiveEmbedMessage||(d.wp.receiveEmbedMessage=function(e){var t=e.data;if((t||t.secret||t.message||t.value)&&!\/[^a-zA-Z0-9]\/.test(t.secret)){for(var s,r,n,a=l.querySelectorAll('iframe[data-secret=\"'+t.secret+'\"]'),o=l.querySelectorAll('blockquote[data-secret=\"'+t.secret+'\"]'),c=new RegExp(\"^https?:$\",\"i\"),i=0;i<o.length;i++)o[i].style.display=\"none\";for(i=0;i<a.length;i++)s=a[i],e.source===s.contentWindow&&(s.removeAttribute(\"style\"),\"height\"===t.message?(1e3<(r=parseInt(t.value,10))?r=1e3:~~r<200&&(r=200),s.height=r):\"link\"===t.message&&(r=new URL(s.getAttribute(\"src\")),n=new URL(t.value),c.test(n.protocol))&&n.host===r.host&&l.activeElement===s&&(d.top.location.href=t.value))}},d.addEventListener(\"message\",d.wp.receiveEmbedMessage,!1),l.addEventListener(\"DOMContentLoaded\",function(){for(var e,t,s=l.querySelectorAll(\"iframe.wp-embedded-content\"),r=0;r<s.length;r++)(t=(e=s[r]).getAttribute(\"data-secret\"))||(t=Math.random().toString(36).substring(2,12),e.src+=\"#?secret=\"+t,e.setAttribute(\"data-secret\",t)),e.contentWindow.postMessage({message:\"ready\",secret:t},\"*\")},!1)))}(window,document);\n\/\/# sourceURL=https:\/\/latinoamerica21.com\/wp-includes\/js\/wp-embed.min.js\n\/* ]]> *\/\n<\/script>\n"},"_links":{"self":[{"href":"https:\/\/latinoamerica21.com\/es\/wp-json\/wp\/v2\/podcast\/19456","targetHints":{"allow":["GET"]}}],"collection":[{"href":"https:\/\/latinoamerica21.com\/es\/wp-json\/wp\/v2\/podcast"}],"about":[{"href":"https:\/\/latinoamerica21.com\/es\/wp-json\/wp\/v2\/types\/podcast"}],"author":[{"embeddable":true,"href":"https:\/\/latinoamerica21.com\/es\/wp-json\/wp\/v2\/users\/99"}],"replies":[{"embeddable":true,"href":"https:\/\/latinoamerica21.com\/es\/wp-json\/wp\/v2\/comments?post=19456"}],"wp:featuredmedia":[{"embeddable":true,"href":"https:\/\/latinoamerica21.com\/es\/wp-json\/wp\/v2\/media\/11007"}],"wp:attachment":[{"href":"https:\/\/latinoamerica21.com\/es\/wp-json\/wp\/v2\/media?parent=19456"}],"wp:term":[{"taxonomy":"post_tag","embeddable":true,"href":"https:\/\/latinoamerica21.com\/es\/wp-json\/wp\/v2\/tags?post=19456"},{"taxonomy":"series","embeddable":true,"href":"https:\/\/latinoamerica21.com\/es\/wp-json\/wp\/v2\/series?post=19456"}],"curies":[{"name":"wp","href":"https:\/\/api.w.org\/{rel}","templated":true}]}}