{"id":58574,"date":"2026-08-30T02:55:50","date_gmt":"2026-08-30T05:55:50","guid":{"rendered":"https:\/\/latinoamerica21.com\/es\/?post_type=podcast&#038;p=58574"},"modified":"2026-08-30T03:00:46","modified_gmt":"2026-08-30T06:00:46","slug":"colombia-pone-fin-a-la-tregua-migratoria-para-los-venezolanos","status":"publish","type":"podcast","link":"https:\/\/latinoamerica21.com\/es\/podcast\/colombia-pone-fin-a-la-tregua-migratoria-para-los-venezolanos\/","title":{"rendered":"\u00bfColombia pone fin a la tregua migratoria para los venezolanos?"},"content":{"rendered":"\n<p class=\"wp-block-paragraph\">Durante m\u00e1s de una d\u00e9cada, los diferentes gobiernos que tuvo Colombia consolidaron una pol\u00edtica migratoria que se convirti\u00f3 en una referencia regional para enfrentar uno de los mayores movimientos de poblaci\u00f3n de Am\u00e9rica Latina: la llegada de millones de venezolanos en el marco de una tregua migratoria . Gobiernos de distintas orientaciones ideol\u00f3gicas impulsaron mecanismos de regularizaci\u00f3n, documentaci\u00f3n e integraci\u00f3n. El punto culminante fue el Estatuto Temporal de <a href=\"https:\/\/latinoamerica21.com\/es\/migracion-la-realidad-demanda-decisiones-humanitarias\/\" data-type=\"post\" data-id=\"19790\">Protecci\u00f3n para Migrantes Venezolanos<\/a>, que permiti\u00f3 a millones de personas acceder a un estatus migratorio regular y, con ello, a derechos y oportunidades que la irregularidad hac\u00eda mucho m\u00e1s dif\u00edciles. Pero esa pol\u00edtica parece entrar en una nueva etapa. El presidente Abelardo de la Espriella orden\u00f3 iniciar operativos coordinados entre la Polic\u00eda y Migraci\u00f3n Colombia para identificar extranjeros que est\u00e9n cometiendo delitos y deportarlos, as\u00ed como localizar posteriormente a quienes permanezcan en Colombia sin haber regularizado su situaci\u00f3n migratoria. La decisi\u00f3n fue presentada como una prioridad de seguridad y bajo el lema de \u201cprimero los colombianos\u201d.<\/p>\n\n\n\n<p class=\"wp-block-paragraph\">El problema es que estas dos situaciones no son equivalentes. Una persona puede estar en situaci\u00f3n migratoria irregular sin haber cometido ning\u00fan delito. Y esa distinci\u00f3n resulta especialmente importante en Colombia, donde todav\u00eda existe una poblaci\u00f3n venezolana, as\u00ed como de otras nacionalidades, que no ha logrado completar los procesos de regularizaci\u00f3n. La Corte Constitucional ha reconocido precisamente que la irregularidad migratoria puede colocar a las personas en una situaci\u00f3n de vulnerabilidad y que existen mecanismos administrativos destinados a regularizar diferentes situaciones.<\/p>\n\n\n\n<p class=\"wp-block-paragraph\">Por eso, la decisi\u00f3n de De la Espriella plantea una pregunta mucho m\u00e1s amplia que la posibilidad de deportar a determinados extranjeros. \u00bfEst\u00e1 Colombia abandonando progresivamente el modelo de integraci\u00f3n de la migraci\u00f3n para adoptar un modelo basado principalmente en control, seguridad y expulsi\u00f3n? Y si ese es el nuevo rumbo, aparecen otras preguntas. \u00bfExisten las capacidades procesales y log\u00edsticas para proceder a deportar a tantas personas? \u00bfQu\u00e9 impacto tendr\u00e1 sobre los venezolanos que viven en Colombia? \u00bfPuede Colombia endurecer su pol\u00edtica migratoria sin convertir la irregularidad administrativa en una categor\u00eda de sospecha y sin poner en riesgo los avances de m\u00e1s de una d\u00e9cada de acogida migratoria?<\/p>\n\n\n\n<figure class=\"wp-block-embed is-type-video is-provider-youtube wp-block-embed-youtube wp-embed-aspect-16-9 wp-has-aspect-ratio\"><div class=\"wp-block-embed__wrapper\">\n<iframe loading=\"lazy\" title=\"\u00bfCOLOMBIA pone fin a la tregua migratoria para los VENEZOLANOS? - Mirada Semanal\" width=\"696\" height=\"392\" src=\"https:\/\/www.youtube.com\/embed\/uXZhlHGR29g?feature=oembed\" frameborder=\"0\" allow=\"accelerometer; autoplay; clipboard-write; encrypted-media; gyroscope; picture-in-picture; web-share\" referrerpolicy=\"strict-origin-when-cross-origin\" allowfullscreen><\/iframe>\n<\/div><\/figure>\n\n\n\n<h2 class=\"wp-block-heading\">Analistas:<\/h2>\n\n\n\n<p class=\"wp-block-paragraph\"><a href=\"https:\/\/manuelalcantarasaez.com\/\">Manuel Alc\u00e1ntara S\u00e1ez<\/a><\/p>\n\n\n\n<p class=\"wp-block-paragraph\"><a href=\"https:\/\/maripuerta.com\/\">Mar\u00eda Puerta Riera<\/a><\/p>\n\n\n\n<h2 class=\"wp-block-heading\">Edici\u00f3n y Conducci\u00f3n:<\/h2>\n\n\n\n<p class=\"wp-block-paragraph\"><a href=\"https:\/\/www.linkedin.com\/in\/xrfranco22\/\">Xavier Rodr\u00edguez Franco<\/a><\/p>\n\n\n\n<h2 class=\"wp-block-heading\">Disponible tambi\u00e9n en&nbsp;<strong>Spotify<\/strong>:<\/h2>\n\n\n\n<figure class=\"wp-block-embed is-provider-spotify wp-block-embed-spotify\"><div class=\"wp-block-embed__wrapper\">\nhttps:\/\/open.spotify.com\/episode\/0BWvxIvBpiKGxAxmELuNDX?si=APsN9V3eQKinQ3J9Eb261Q\n<\/div><\/figure>\n\n\n\n<p class=\"wp-block-paragraph\"><\/p>\n","protected":false},"excerpt":{"rendered":"<p>Durante m\u00e1s de una d\u00e9cada, los diferentes gobiernos que tuvo Colombia consolidaron una pol\u00edtica migratoria que se convirti\u00f3 en una referencia regional para enfrentar uno de los mayores movimientos de poblaci\u00f3n de Am\u00e9rica Latina: la llegada de millones de venezolanos en el marco de una tregua migratoria . Gobiernos de distintas orientaciones ideol\u00f3gicas impulsaron mecanismos de regularizaci\u00f3n, documentaci\u00f3n e integraci\u00f3n. El punto culminante fue el Estatuto Temporal de Protecci\u00f3n para Migrantes Venezolanos, que permiti\u00f3 a millones de personas acceder a un estatus migratorio regular y, con ello, a derechos y oportunidades que la irregularidad hac\u00eda mucho m\u00e1s dif\u00edciles. Pero esa pol\u00edtica parece estar entrando en una nueva etapa. El presidente Abelardo de la Espriella orden\u00f3 iniciar operativos coordinados entre la Polic\u00eda y Migraci\u00f3n Colombia para identificar extranjeros que est\u00e9n cometiendo delitos y deportarlos, as\u00ed como localizar posteriormente a quienes permanezcan en Colombia sin haber regularizado su situaci\u00f3n migratoria. La decisi\u00f3n fue presentada como una prioridad de seguridad y bajo el lema de \u201cprimero los colombianos\u201d.<\/p>\n","protected":false},"author":99,"featured_media":58575,"menu_order":0,"comment_status":"closed","ping_status":"closed","template":"","meta":{"_acf_changed":false,"episode_type":"audio","audio_file":"","podmotor_file_id":"","podmotor_episode_id":"","cover_image":"","cover_image_id":"","duration":"","filesize":"","filesize_raw":"","date_recorded":"","explicit":"","block":"","itunes_episode_number":"","itunes_title":"","itunes_season_number":"","itunes_episode_type":""},"tags":[17444],"series":[17442],"class_list":["post-58574","podcast","type-podcast","status-publish","has-post-thumbnail","tag-mirada-semanal","series-latinoamerica-21"],"acf":[],"episode_featured_image":"https:\/\/latinoamerica21.com\/wp-content\/uploads\/2026\/08\/Migracion-cuadrada.png","episode_player_image":"https:\/\/latinoamerica21.com\/wp-content\/uploads\/2026\/08\/Migracion-cuadrada.png","download_link":"","player_link":"","audio_player":false,"episode_data":{"playerMode":"dark","subscribeUrls":[],"rssFeedUrl":"https:\/\/latinoamerica21.com\/es\/feed\/podcast\/latinoamerica-21","embedCode":"<blockquote class=\"wp-embedded-content\" data-secret=\"W7aFrLMlnX\"><a href=\"https:\/\/latinoamerica21.com\/es\/podcast\/colombia-pone-fin-a-la-tregua-migratoria-para-los-venezolanos\/\">\u00bfColombia pone fin a la tregua migratoria para los venezolanos?<\/a><\/blockquote><iframe sandbox=\"allow-scripts\" security=\"restricted\" src=\"https:\/\/latinoamerica21.com\/es\/podcast\/colombia-pone-fin-a-la-tregua-migratoria-para-los-venezolanos\/embed\/#?secret=W7aFrLMlnX\" width=\"500\" height=\"350\" title=\"\u00ab\u00bfColombia pone fin a la tregua migratoria para los venezolanos?\u00bb \u2014 Latinoam\u00e9rica 21\" data-secret=\"W7aFrLMlnX\" frameborder=\"0\" marginwidth=\"0\" marginheight=\"0\" scrolling=\"no\" class=\"wp-embedded-content\"><\/iframe><script>\n\/*! This file is auto-generated *\/\n!function(d,l){\"use strict\";l.querySelector&&d.addEventListener&&\"undefined\"!=typeof URL&&(d.wp=d.wp||{},d.wp.receiveEmbedMessage||(d.wp.receiveEmbedMessage=function(e){var t=e.data;if((t||t.secret||t.message||t.value)&&!\/[^a-zA-Z0-9]\/.test(t.secret)){for(var s,r,n,a=l.querySelectorAll('iframe[data-secret=\"'+t.secret+'\"]'),o=l.querySelectorAll('blockquote[data-secret=\"'+t.secret+'\"]'),c=new RegExp(\"^https?:$\",\"i\"),i=0;i<o.length;i++)o[i].style.display=\"none\";for(i=0;i<a.length;i++)s=a[i],e.source===s.contentWindow&&(s.removeAttribute(\"style\"),\"height\"===t.message?(1e3<(r=parseInt(t.value,10))?r=1e3:~~r<200&&(r=200),s.height=r):\"link\"===t.message&&(r=new URL(s.getAttribute(\"src\")),n=new URL(t.value),c.test(n.protocol))&&n.host===r.host&&l.activeElement===s&&(d.top.location.href=t.value))}},d.addEventListener(\"message\",d.wp.receiveEmbedMessage,!1),l.addEventListener(\"DOMContentLoaded\",function(){for(var e,t,s=l.querySelectorAll(\"iframe.wp-embedded-content\"),r=0;r<s.length;r++)(t=(e=s[r]).getAttribute(\"data-secret\"))||(t=Math.random().toString(36).substring(2,12),e.src+=\"#?secret=\"+t,e.setAttribute(\"data-secret\",t)),e.contentWindow.postMessage({message:\"ready\",secret:t},\"*\")},!1)))}(window,document);\n\/\/# sourceURL=https:\/\/latinoamerica21.com\/wp-includes\/js\/wp-embed.min.js\n<\/script>\n"},"_links":{"self":[{"href":"https:\/\/latinoamerica21.com\/es\/wp-json\/wp\/v2\/podcast\/58574","targetHints":{"allow":["GET"]}}],"collection":[{"href":"https:\/\/latinoamerica21.com\/es\/wp-json\/wp\/v2\/podcast"}],"about":[{"href":"https:\/\/latinoamerica21.com\/es\/wp-json\/wp\/v2\/types\/podcast"}],"author":[{"embeddable":true,"href":"https:\/\/latinoamerica21.com\/es\/wp-json\/wp\/v2\/users\/99"}],"replies":[{"embeddable":true,"href":"https:\/\/latinoamerica21.com\/es\/wp-json\/wp\/v2\/comments?post=58574"}],"wp:featuredmedia":[{"embeddable":true,"href":"https:\/\/latinoamerica21.com\/es\/wp-json\/wp\/v2\/media\/58575"}],"wp:attachment":[{"href":"https:\/\/latinoamerica21.com\/es\/wp-json\/wp\/v2\/media?parent=58574"}],"wp:term":[{"taxonomy":"post_tag","embeddable":true,"href":"https:\/\/latinoamerica21.com\/es\/wp-json\/wp\/v2\/tags?post=58574"},{"taxonomy":"series","embeddable":true,"href":"https:\/\/latinoamerica21.com\/es\/wp-json\/wp\/v2\/series?post=58574"}],"curies":[{"name":"wp","href":"https:\/\/api.w.org\/{rel}","templated":true}]}}