{"id":701,"date":"2019-09-07T05:20:51","date_gmt":"2019-09-07T08:20:51","guid":{"rendered":"http:\/\/latinoamerica21.com\/?page_id=701"},"modified":"2023-08-04T09:37:08","modified_gmt":"2023-08-04T12:37:08","slug":"quem-somos","status":"publish","type":"page","link":"https:\/\/latinoamerica21.com\/pt-br\/quem-somos\/","title":{"rendered":"Quem somos"},"content":{"rendered":"\n<p><\/p>\n\n\n\n<blockquote class=\"wp-block-quote is-layout-flow wp-block-quote-is-layout-flow\">\n<p><sub>&#8220;A comunica\u00e7\u00e3o, assim como os meios de comunica\u00e7\u00e3o social est\u00e3o no centro da promo\u00e7\u00e3o do desenvolvimento sustent\u00e1vel e da democracia. O direito \u00e0 liberdade de express\u00e3o, assim como a liberdade de informa\u00e7\u00e3o sustentam um ambiente midi\u00e1tico livre, pluralista, inclusivo e independente&#8221; (UNESCO, 2017).<\/sub><\/p>\n<\/blockquote>\n\n\n\n<p><\/p>\n\n\n\n<p>L21 \u00e9 um meio de comunica\u00e7\u00e3o e uma plataforma de conte\u00fado dedicada \u00e0 produ\u00e7\u00e3o e difus\u00e3o de an\u00e1lises, textos de divulga\u00e7\u00e3o cient\u00edfica e opini\u00f5es especializadas sobre quest\u00f5es pol\u00edticas, econ\u00f4micas e sociais na Am\u00e9rica Latina. Atrav\u00e9s da livre divulga\u00e7\u00e3o de vis\u00f5es especializadas e diversas, procuramos ajudar a melhorar a capacidade cr\u00edtica dos latino-americanos sobre as principais quest\u00f5es que comp\u00f5em a regi\u00e3o.<\/p>\n\n\n\n<p>Tamb\u00e9m procuramos fomentar o desenvolvimento, a democracia e o di\u00e1logo em dire\u00e7\u00e3o a uma cultura de paz e n\u00e3o-viol\u00eancia e queremos promover a liberdade de express\u00e3o de acordo com os objetivos da Comunica\u00e7\u00e3o para o Desenvolvimento da Organiza\u00e7\u00e3o das Na\u00e7\u00f5es Unidas para a Educa\u00e7\u00e3o, Ci\u00eancia e Cultura (UNESCO) e a Agenda 2030 das Na\u00e7\u00f5es Unidas. Al\u00e9m disso, procuramos promover um espa\u00e7o para nossa pr\u00f3pria an\u00e1lise e um ponto de vista aut\u00f4nomo sobre as diferentes realidades da Am\u00e9rica Latina.<\/p>\n\n\n\n<p>A plataforma de conte\u00fado L21 foi fundada em janeiro de 2017 pelo jornalista uruguaio Jer\u00f3nimo Giorgi e em julho de 2019 tornamos p\u00fablico o nosso site com o qual come\u00e7amos nossa jornada como m\u00eddia independente. Atualmente nossa equipe \u00e9 formada por quinze pessoas e contamos com mais de trezentos colunistas especialistas nas \u00e1reas de ci\u00eancia pol\u00edtica, sociologia, economia e jornalismo. Isto nos consolidou como um espa\u00e7o colaborativo, independente e plural que defende a divulga\u00e7\u00e3o de conte\u00fados que reflitam sobre temas e eventos regionais.<\/p>\n\n\n\n<p>A diversidade de origens e pontos de vista de nossos colaboradores busca promover um ambiente plural e uma maior equidade de g\u00eanero, assim como uma comunica\u00e7\u00e3o mais inclusiva que fomente a participa\u00e7\u00e3o das minorias.<\/p>\n\n\n\n<p>As opini\u00f5es expressadas nos artigos representam sempre as opini\u00f5es pessoais dos autores, n\u00e3o as do L21.<\/p>\n\n\n\n<p><\/p>\n\n\n\n<p><\/p>\n\n\n\n<p><\/p>\n\n\n\n<h3 class=\"wp-block-heading\"><strong>Principais objetivos da Latinoam\u00e9rica21 <\/strong><\/h3>\n\n\n\n<p><\/p>\n\n\n\n<p>1. Apoiar o desenvolvimento da m\u00eddia e o acesso \u00e0 informa\u00e7\u00e3o na Am\u00e9rica Latina, promovendo o di\u00e1logo intercultural, a cultura da paz e da n\u00e3o-viol\u00eancia.<\/p>\n\n\n\n<p>2. Promover a colabora\u00e7\u00e3o com meios de comunica\u00e7\u00e3o livres, independentes e pluralistas que garantam a seguran\u00e7a dos jornalistas, protejam o patrim\u00f4nio cultural e natural, procurem fortalecer os sistemas de governan\u00e7a da cultura e procurem fomentar as liberdades fundamentais.<\/p>\n\n\n\n<p>3. Contribuir para a promo\u00e7\u00e3o da liberdade de express\u00e3o, da democracia e dos direitos humanos na regi\u00e3o.<\/p>\n\n\n\n<p>4. Produzir textos de an\u00e1lise, opini\u00e3o e divulgac\u00e3o cient\u00edfica, bem como conte\u00fado em diferentes formatos sobre a Am\u00e9rica Latina elaborados por acad\u00eamicos e especialistas latino-americanos ou latino-americanistas.<\/p>\n\n\n\n<p>5. Distribuir conte\u00fado pr\u00f3prio a diversos meios de comunica\u00e7\u00e3o.<\/p>\n\n\n\n<p>6. Servir como ponto de encontro e troca de id\u00e9ias entre acad\u00eamicos, especialistas, estudantes e outros interessados na regi\u00e3o.<\/p>\n\n\n\n<p>7. Construir um espa\u00e7o aut\u00f4nomo de reflex\u00e3o e an\u00e1lise sobre a realidade latino-americana.<\/p>\n\n\n\n<p>8. Fomentar o conhecimento e a pesquisa cient\u00edfica sobre a Am\u00e9rica Latina a n\u00edvel regional e global.<\/p>\n\n\n\n<p>9. Promover o uso de Big Data e do jornalismo de dados, produzindo e publicando dados de qualidade sobre Am\u00e9rica Latina.<\/p>\n\n\n\n<p><\/p>\n\n\n\n<p><\/p>\n\n\n\n<h3 class=\"wp-block-heading\"><strong>O que fazemos?<\/strong><\/h3>\n\n\n\n<p><\/p>\n\n\n\n<p><strong>Informar<\/strong> sobre a realidade pol\u00edtica, econ\u00f4mica, social e cient\u00edfica da Am\u00e9rica Latina atrav\u00e9s de artigos de opini\u00e3o, an\u00e1lises, livros e outros produtos elaborados por nossa equipe de colaboradores.<\/p>\n\n\n\n<p><strong>Fortalecer<\/strong> a liberdade de express\u00e3o, os direitos humanos, a igualdade e a democracia na Am\u00e9rica Latina.<\/p>\n\n\n\n<p><strong>Conectar<\/strong> acad\u00eamicos, especialistas e um p\u00fablico geral interessado em acontecimentos latino-americanos.<\/p>\n\n\n\n<p><strong>Divulgar<\/strong> o conte\u00fado de L21 com o fim de promover a an\u00e1lise da realidade regional atrav\u00e9s da ci\u00eancia.<\/p>\n\n\n\n<p><strong>Promover<\/strong> eventos de an\u00e1lise e debate sobre a realidade latino-americana, bem como publica\u00e7\u00f5es de conte\u00fado que abordam quest\u00f5es regionais.<\/p>\n\n\n\n<p><\/p>\n\n\n\n<p><\/p>\n\n\n\n<p><\/p>\n\n\n\n<h3 class=\"wp-block-heading\"><strong>Parceiros institucionais<\/strong><\/h3>\n\n\n\n<figure class=\"wp-block-gallery columns-7\">\n\t<ul class=\"blocks-gallery-grid\">\n\t\t<li class=\"blocks-gallery-item\">\n\t\t\t<figure>\n\t\t\t\t<img loading=\"lazy\" decoding=\"async\" width=\"275\" height=\"120\" src=\"http:\/\/latinoamerica21.com\/wp-content\/uploads\/2021\/04\/logo-amecip-1.png\" alt=\"\" data-id=\"4997\" data-full-url=\"http:\/\/latinoamerica21.com\/wp-content\/uploads\/2021\/04\/logo-amecip-1.png\" data-link=\"http:\/\/latinoamerica21.com\/br\/quem-somos\/logo-amecip-2\/\" class=\"wp-image-4997\"\/>\n\t\t\t<\/figure>\n\t\t<\/li>\n\t\t\n\t\t<li class=\"blocks-gallery-item\">\n\t\t\t<figure>\n\t\t\t\t<img loading=\"lazy\" decoding=\"async\" width=\"275\" height=\"236\" src=\"http:\/\/latinoamerica21.com\/wp-content\/uploads\/2021\/04\/ABCP-logo-sin-transparencia-1.png\" alt=\"\" data-id=\"4998\" data-full-url=\"http:\/\/latinoamerica21.com\/wp-content\/uploads\/2021\/04\/ABCP-logo-sin-transparencia-1.png\" data-link=\"http:\/\/latinoamerica21.com\/br\/quem-somos\/abcp-logo-sin-transparencia-2\/\" class=\"wp-image-4998\"\/>\n\t\t\t<\/figure>\n\t\t<\/li>\n\t\t\n\t\t<li class=\"blocks-gallery-item\">\n\t\t\t<figure>\n\t\t\t\t<img loading=\"lazy\" decoding=\"async\" width=\"275\" height=\"118\" src=\"http:\/\/latinoamerica21.com\/wp-content\/uploads\/2021\/04\/ALACIP-1.jpg\" alt=\"\" data-id=\"4999\" data-full-url=\"http:\/\/latinoamerica21.com\/wp-content\/uploads\/2021\/04\/ALACIP-1.jpg\" data-link=\"http:\/\/latinoamerica21.com\/br\/quem-somos\/alacip-3\/\" class=\"wp-image-4999\"\/><\/figure>\n\t\t<\/li>\n\t\t\n\t\t<li class=\"blocks-gallery-item\">\n\t\t\t<figure>\n\t\t\t\t<img loading=\"lazy\" decoding=\"async\" width=\"275\" height=\"185\" src=\"http:\/\/latinoamerica21.com\/wp-content\/uploads\/2021\/04\/AUCIP-1.jpg\" alt=\"\" data-id=\"5000\" data-full-url=\"http:\/\/latinoamerica21.com\/wp-content\/uploads\/2021\/04\/AUCIP-1.jpg\" data-link=\"http:\/\/latinoamerica21.com\/br\/quem-somos\/aucip-2\/\" class=\"wp-image-5000\" style=\"width: 70%;\" \/>\n\t\t\t<\/figure>\n\t\t<\/li>\n\t\t\n\t\t<li class=\"blocks-gallery-item\">\n\t\t\t<figure>\n\t\t\t\t<img loading=\"lazy\" decoding=\"async\" width=\"275\" height=\"275\" src=\"http:\/\/latinoamerica21.com\/wp-content\/uploads\/2021\/04\/LOGO-ACIPP-1.jpg\" alt=\"\" data-id=\"5001\" data-full-url=\"http:\/\/latinoamerica21.com\/wp-content\/uploads\/2021\/04\/LOGO-ACIPP-1.jpg\" data-link=\"http:\/\/latinoamerica21.com\/br\/quem-somos\/logo-acipp-2\/\" class=\"wp-image-5001\" style=\"width: 60%;\" srcset=\"https:\/\/latinoamerica21.com\/wp-content\/uploads\/2021\/04\/LOGO-ACIPP-1.jpg 275w, https:\/\/latinoamerica21.com\/wp-content\/uploads\/2021\/04\/LOGO-ACIPP-1-150x150.jpg 150w\" sizes=\"auto, (max-width: 275px) 100vw, 275px\" \/>\n\t\t\t<\/figure>\n\t\t<\/li>\n\t\t\n\t\t<li class=\"blocks-gallery-item\">\n\t\t\t<figure>\n\t\t\t\t<img loading=\"lazy\" decoding=\"async\" width=\"275\" height=\"288\" src=\"http:\/\/latinoamerica21.com\/wp-content\/uploads\/2021\/04\/Logo-nuevo-SAAP-cuadrado-1.jpg\" alt=\"\" data-id=\"5002\" data-full-url=\"http:\/\/latinoamerica21.com\/wp-content\/uploads\/2021\/04\/Logo-nuevo-SAAP-cuadrado-1.jpg\" data-link=\"http:\/\/latinoamerica21.com\/br\/quem-somos\/logo-nuevo-saap-cuadrado-2\/\" class=\"wp-image-5002\" style=\"width: 60%;\" \/>\n\t\t\t<\/figure>\n\t\t<\/li>\n\t\t\n\t\t<li class=\"blocks-gallery-item\">\n\t\t\t<figure>\n\t\t\t\t<img loading=\"lazy\" decoding=\"async\" width=\"275\" height=\"48\" src=\"http:\/\/latinoamerica21.com\/wp-content\/uploads\/2021\/04\/Logo_ACCPOL-1.jpg\" alt=\"\" data-id=\"5003\" data-full-url=\"http:\/\/latinoamerica21.com\/wp-content\/uploads\/2021\/04\/Logo_ACCPOL-1.jpg\" data-link=\"http:\/\/latinoamerica21.com\/br\/quem-somos\/logo_accpol-2\/\" class=\"wp-image-5003\"\/>\n\t\t\t<\/figure>\n\t\t<\/li>\n\t\t<li class=\"blocks-gallery-item\">\n\t\t\t<figure>\n\t\t\t\t<img decoding=\"async\" src=\"http:\/\/latinoamerica21.com\/wp-content\/uploads\/2023\/08\/pageHeaderLogoImage_pt_BR.png\" alt=\"\" data-id=\"5003\" data-full-url=\"http:\/\/latinoamerica21.com\/wp-content\/uploads\/2023\/08\/pageHeaderLogoImage_pt_BR.png\" data-link=\"\" class=\"wp-image-5003\" style=\"width: 12%;\">\n\t\t\t<\/figure>\n\t\t<\/li>\n\t<\/ul>\n<\/figure>\n\n\n\n<p>Associa\u00e7\u00f5es:<\/p>\n\n\n\n<ul class=\"wp-block-list\">\n<li><a href=\"https:\/\/alacip.org\/\" target=\"_blank\" rel=\"noreferrer noopener\">Associa\u00e7\u00e3o Latino-Americana de Ci\u00eancia Pol\u00edtica<\/a><\/li>\n\n\n\n<li><a href=\"http:\/\/www.abcp.org.bo\/\" target=\"_blank\" rel=\"noreferrer noopener\">Associa\u00e7\u00e3o Boliviana de Ci\u00eancia Pol\u00edtica<\/a><\/li>\n\n\n\n<li><a href=\"http:\/\/accpol.org\/accpol\/\" target=\"_blank\" rel=\"noreferrer noopener\">Associa\u00e7\u00e3o Colombiana de Ci\u00eancia Pol\u00edtica<\/a><\/li>\n\n\n\n<li><a href=\"https:\/\/www.amecip.com\/\" target=\"_blank\" rel=\"noreferrer noopener\">Associa\u00e7\u00e3o Mexicana de Ci\u00eancia Pol\u00edtica<\/a><\/li>\n\n\n\n<li><a href=\"https:\/\/aucip.org.uy\/\" target=\"_blank\" rel=\"noreferrer noopener\">Associa\u00e7\u00e3o Uruguaia de Ci\u00eancia Pol\u00edtica<\/a><\/li>\n\n\n\n<li><a href=\"https:\/\/acipp.org.py\/\" target=\"_blank\" rel=\"noreferrer noopener\">Associa\u00e7\u00e3o Paraguaia de Ci\u00eancia Pol\u00edtica<\/a><\/li>\n\n\n\n<li><a href=\"https:\/\/saap.org.ar\/\" target=\"_blank\" rel=\"noreferrer noopener\">Sociedade Argentina de An\u00e1lise Pol\u00edtica<\/a><\/li>\n\n\n\n<li><a href=\"https:\/\/www.abri.org.br\/\" target=\"_blank\" rel=\"noreferrer noopener\">Associa\u00e7\u00e3o Brasileira de Rela\u00e7\u00f5es Internacionais<\/a><\/li>\n<\/ul>\n\n\n\n<p><\/p>\n","protected":false},"excerpt":{"rendered":"<p>&#8220;A comunica\u00e7\u00e3o, assim como os meios de comunica\u00e7\u00e3o social est\u00e3o no centro da promo\u00e7\u00e3o do desenvolvimento sustent\u00e1vel e da democracia. O direito \u00e0 liberdade de express\u00e3o, assim como a liberdade de informa\u00e7\u00e3o sustentam um ambiente midi\u00e1tico livre, pluralista, inclusivo e independente&#8221; (UNESCO, 2017). L21 \u00e9 um meio de comunica\u00e7\u00e3o e uma plataforma de conte\u00fado dedicada [&hellip;]<\/p>\n","protected":false},"author":2,"featured_media":0,"parent":0,"menu_order":0,"comment_status":"closed","ping_status":"closed","template":"","meta":{"_acf_changed":false,"episode_type":"","audio_file":"","cover_image":"","cover_image_id":"","duration":"","filesize":"","filesize_raw":"","date_recorded":"","explicit":"","block":"","itunes_episode_number":"","itunes_title":"","itunes_season_number":"","itunes_episode_type":"","footnotes":""},"class_list":["post-701","page","type-page","status-publish"],"acf":[],"_links":{"self":[{"href":"https:\/\/latinoamerica21.com\/pt-br\/wp-json\/wp\/v2\/pages\/701","targetHints":{"allow":["GET"]}}],"collection":[{"href":"https:\/\/latinoamerica21.com\/pt-br\/wp-json\/wp\/v2\/pages"}],"about":[{"href":"https:\/\/latinoamerica21.com\/pt-br\/wp-json\/wp\/v2\/types\/page"}],"author":[{"embeddable":true,"href":"https:\/\/latinoamerica21.com\/pt-br\/wp-json\/wp\/v2\/users\/2"}],"replies":[{"embeddable":true,"href":"https:\/\/latinoamerica21.com\/pt-br\/wp-json\/wp\/v2\/comments?post=701"}],"version-history":[{"count":0,"href":"https:\/\/latinoamerica21.com\/pt-br\/wp-json\/wp\/v2\/pages\/701\/revisions"}],"wp:attachment":[{"href":"https:\/\/latinoamerica21.com\/pt-br\/wp-json\/wp\/v2\/media?parent=701"}],"curies":[{"name":"wp","href":"https:\/\/api.w.org\/{rel}","templated":true}]}}